{"id":3075,"date":"2018-04-12T18:06:01","date_gmt":"2018-04-12T17:06:01","guid":{"rendered":"http:\/\/scera.lu\/?page_id=3075"},"modified":"2022-12-10T12:25:52","modified_gmt":"2022-12-10T11:25:52","slug":"archiv","status":"publish","type":"page","link":"https:\/\/scera.lu\/?page_id=3075","title":{"rendered":"Saisons 2014\/15-2016\/17"},"content":{"rendered":"<h4><span style=\"color: #0000ff;\"><strong><span style=\"text-decoration: underline;\">Assembl\u00e9e g\u00e9n\u00e9rale:<\/span><\/strong><\/span><span style=\"color: #000000;\">\u00a0<\/span><strong><a href=\"https:\/\/www.wort.lu\/mywort\/esch-alzette\/news\/zufriedenstellende-saison-fuer-den-schwimmverein-aus-esch-59f04edd56202b51b13c5cf8\">Bericht GV 2017<\/a><\/strong><\/h4>\n<h4><strong><span style=\"color: #000000;\">Nageurs r\u00e9compens\u00e9s lors de l&#8217;assembl\u00e9e g\u00e9n\u00e9rale:<\/span><\/strong><\/h4>\n<h4><strong><span style=\"color: #000000;\">Anselm Ines, Anselm Matisse, Celebic Haris, Da Silva Paiva Ana, Deboulet Antonin, Defrang Chris, Foetz Valerie,\u00a0Gameiro Dias Dylan, Goncalves Patrick,\u00a0Hansen Cindy, Krier Dylan,\u00a0Martins Sousa Pedro,\u00a0Michel Claire,\u00a0Monteiro D. Rihanna,\u00a0Pereira Dylan, Pott Noemie, Rege Shaunak, Rege Shiven,\u00a0Seidenthal Tom, Shehu Alishia, Walak Olivier<\/span><\/strong><\/h4>\n<h4><span style=\"color: #0000ff;\"><strong><span style=\"text-decoration: underline;\"> Nuit du Sport-Edition 2017<\/span><\/strong><\/span><\/h4>\n<h4><span style=\"color: #000000;\"><strong>Comme les derni\u00e8res ann\u00e9es, le SC ERA \u00e9tait pr\u00e9sent avec un stand \u00e0 la nuit du sport \u00e0 Esch\/Alzette.<\/strong><\/span><\/h4>\n<p><img loading=\"lazy\" decoding=\"async\" class=\" wp-image-3129 alignnone\" src=\"https:\/\/scera.lu\/wp-content\/uploads\/NDS2.jpg\" alt=\"\" width=\"244\" height=\"183\" srcset=\"https:\/\/scera.lu\/wp-content\/uploads\/NDS2.jpg 267w, https:\/\/scera.lu\/wp-content\/uploads\/NDS2-768x576.jpg 768w, https:\/\/scera.lu\/wp-content\/uploads\/NDS2-1x1.jpg 1w\" sizes=\"auto, (max-width: 244px) 100vw, 244px\" \/><img loading=\"lazy\" decoding=\"async\" class=\" wp-image-3130 alignnone\" src=\"https:\/\/scera.lu\/wp-content\/uploads\/NDS3.jpg\" alt=\"\" width=\"140\" height=\"187\" srcset=\"https:\/\/scera.lu\/wp-content\/uploads\/NDS3.jpg 150w, https:\/\/scera.lu\/wp-content\/uploads\/NDS3-768x1024.jpg 768w, https:\/\/scera.lu\/wp-content\/uploads\/NDS3-1x1.jpg 1w\" sizes=\"auto, (max-width: 140px) 100vw, 140px\" \/><img loading=\"lazy\" decoding=\"async\" class=\"wp-image-3128 alignnone\" src=\"https:\/\/scera.lu\/wp-content\/uploads\/NDS1.jpg\" alt=\"\" width=\"249\" height=\"187\" srcset=\"https:\/\/scera.lu\/wp-content\/uploads\/NDS1.jpg 267w, https:\/\/scera.lu\/wp-content\/uploads\/NDS1-768x576.jpg 768w, https:\/\/scera.lu\/wp-content\/uploads\/NDS1-1x1.jpg 1w\" sizes=\"auto, (max-width: 249px) 100vw, 249px\" \/><\/p>\n<h4><span style=\"color: #0000ff;\"><strong><span style=\"text-decoration: underline;\"> Saison de barbecue 2016\/2017<\/span><\/strong><\/span><\/h4>\n<h4><strong><span style=\"color: #000000;\">Samedi, le 01 avril 2017, le SC ERA a ouvert\u00a0sa saison de barbecue\u00a0devant la boucherie Werdel\u00a0\u00e0 Esch\/Alzette.<\/span><\/strong><\/h4>\n<h4><strong><span style=\"color: #000000;\">Apr\u00e8s l&#8217;ouverture r\u00e9ussie, le SC ERA a not\u00e9\u00a0le prochain succ\u00e8s s<\/span><span style=\"color: #000000;\">amedi, le 13 mai 2017.<\/span><\/strong><\/h4>\n\n\t\t<style type=\"text\/css\">\n\t\t\t#gallery-1 {\n\t\t\t\tmargin: auto;\n\t\t\t}\n\t\t\t#gallery-1 .gallery-item {\n\t\t\t\tfloat: left;\n\t\t\t\tmargin-top: 10px;\n\t\t\t\ttext-align: center;\n\t\t\t\twidth: 25%;\n\t\t\t}\n\t\t\t#gallery-1 img {\n\t\t\t\tborder: 2px solid #cfcfcf;\n\t\t\t}\n\t\t\t#gallery-1 .gallery-caption {\n\t\t\t\tmargin-left: 0;\n\t\t\t}\n\t\t\t\/* see gallery_shortcode() in wp-includes\/media.php *\/\n\t\t<\/style>\n\t\t<div id='gallery-1' class='gallery galleryid-3075 gallery-columns-4 gallery-size-full'><dl class='gallery-item'>\n\t\t\t<dt class='gallery-icon portrait'>\n\t\t\t\t<img loading=\"lazy\" decoding=\"async\" width=\"150\" height=\"200\" src=\"https:\/\/scera.lu\/wp-content\/uploads\/IMG_0023-e1523557724727.jpg\" class=\"attachment-full size-full\" alt=\"\" srcset=\"https:\/\/scera.lu\/wp-content\/uploads\/IMG_0023-e1523557724727.jpg 150w, https:\/\/scera.lu\/wp-content\/uploads\/IMG_0023-e1523557724727-1x1.jpg 1w\" sizes=\"auto, (max-width: 150px) 100vw, 150px\" \/>\n\t\t\t<\/dt><\/dl><dl class='gallery-item'>\n\t\t\t<dt class='gallery-icon portrait'>\n\t\t\t\t<img loading=\"lazy\" decoding=\"async\" width=\"150\" height=\"200\" src=\"https:\/\/scera.lu\/wp-content\/uploads\/IMG_0024-e1523557734926.jpg\" class=\"attachment-full size-full\" alt=\"\" srcset=\"https:\/\/scera.lu\/wp-content\/uploads\/IMG_0024-e1523557734926.jpg 150w, https:\/\/scera.lu\/wp-content\/uploads\/IMG_0024-e1523557734926-1x1.jpg 1w\" sizes=\"auto, (max-width: 150px) 100vw, 150px\" \/>\n\t\t\t<\/dt><\/dl><dl class='gallery-item'>\n\t\t\t<dt class='gallery-icon portrait'>\n\t\t\t\t<img loading=\"lazy\" decoding=\"async\" width=\"150\" height=\"200\" src=\"https:\/\/scera.lu\/wp-content\/uploads\/IMG_5263-e1523557744958.jpg\" class=\"attachment-full size-full\" alt=\"\" srcset=\"https:\/\/scera.lu\/wp-content\/uploads\/IMG_5263-e1523557744958.jpg 150w, https:\/\/scera.lu\/wp-content\/uploads\/IMG_5263-e1523557744958-1x1.jpg 1w\" sizes=\"auto, (max-width: 150px) 100vw, 150px\" \/>\n\t\t\t<\/dt><\/dl><dl class='gallery-item'>\n\t\t\t<dt class='gallery-icon portrait'>\n\t\t\t\t<img loading=\"lazy\" decoding=\"async\" width=\"150\" height=\"200\" src=\"https:\/\/scera.lu\/wp-content\/uploads\/IMG_5264-e1523557764295.jpg\" class=\"attachment-full size-full\" alt=\"\" srcset=\"https:\/\/scera.lu\/wp-content\/uploads\/IMG_5264-e1523557764295.jpg 150w, https:\/\/scera.lu\/wp-content\/uploads\/IMG_5264-e1523557764295-1x1.jpg 1w\" sizes=\"auto, (max-width: 150px) 100vw, 150px\" \/>\n\t\t\t<\/dt><\/dl><br style=\"clear: both\" \/>\n\t\t<\/div>\n\n<h4><span style=\"color: #0000ff;\"><strong><span style=\"text-decoration: underline;\">Grand succ\u00e8s lors du dernier barbecue<\/span><\/strong><\/span><\/h4>\n<h4><strong><span style=\"color: #000000;\">Le 25&amp;26 ao\u00fbt 2017, les membres du SC ERA \u00e9taient pr\u00e9sents devant le Cactus Lallange. Gr\u00e2ce a votre nombreux pr\u00e9sence on a connu un grand succ\u00e8s.<\/span><\/strong><\/h4>\n\n\t\t<style type=\"text\/css\">\n\t\t\t#gallery-2 {\n\t\t\t\tmargin: auto;\n\t\t\t}\n\t\t\t#gallery-2 .gallery-item {\n\t\t\t\tfloat: left;\n\t\t\t\tmargin-top: 10px;\n\t\t\t\ttext-align: center;\n\t\t\t\twidth: 33%;\n\t\t\t}\n\t\t\t#gallery-2 img {\n\t\t\t\tborder: 2px solid #cfcfcf;\n\t\t\t}\n\t\t\t#gallery-2 .gallery-caption {\n\t\t\t\tmargin-left: 0;\n\t\t\t}\n\t\t\t\/* see gallery_shortcode() in wp-includes\/media.php *\/\n\t\t<\/style>\n\t\t<div id='gallery-2' class='gallery galleryid-3075 gallery-columns-3 gallery-size-full'><dl class='gallery-item'>\n\t\t\t<dt class='gallery-icon portrait'>\n\t\t\t\t<img loading=\"lazy\" decoding=\"async\" width=\"150\" height=\"200\" src=\"https:\/\/scera.lu\/wp-content\/uploads\/Cactus-e1523556531466.jpg\" class=\"attachment-full size-full\" alt=\"\" srcset=\"https:\/\/scera.lu\/wp-content\/uploads\/Cactus-e1523556531466.jpg 150w, https:\/\/scera.lu\/wp-content\/uploads\/Cactus-e1523556531466-1x1.jpg 1w\" sizes=\"auto, (max-width: 150px) 100vw, 150px\" \/>\n\t\t\t<\/dt><\/dl><dl class='gallery-item'>\n\t\t\t<dt class='gallery-icon portrait'>\n\t\t\t\t<img loading=\"lazy\" decoding=\"async\" width=\"150\" height=\"200\" src=\"https:\/\/scera.lu\/wp-content\/uploads\/Cactus2.jpg\" class=\"attachment-full size-full\" alt=\"\" srcset=\"https:\/\/scera.lu\/wp-content\/uploads\/Cactus2.jpg 150w, https:\/\/scera.lu\/wp-content\/uploads\/Cactus2-768x1024.jpg 768w, https:\/\/scera.lu\/wp-content\/uploads\/Cactus2-1x1.jpg 1w\" sizes=\"auto, (max-width: 150px) 100vw, 150px\" \/>\n\t\t\t<\/dt><\/dl><dl class='gallery-item'>\n\t\t\t<dt class='gallery-icon portrait'>\n\t\t\t\t<img loading=\"lazy\" decoding=\"async\" width=\"150\" height=\"200\" src=\"https:\/\/scera.lu\/wp-content\/uploads\/Cactus3.jpg\" class=\"attachment-full size-full\" alt=\"\" srcset=\"https:\/\/scera.lu\/wp-content\/uploads\/Cactus3.jpg 150w, https:\/\/scera.lu\/wp-content\/uploads\/Cactus3-768x1025.jpg 768w, https:\/\/scera.lu\/wp-content\/uploads\/Cactus3-1x1.jpg 1w\" sizes=\"auto, (max-width: 150px) 100vw, 150px\" \/>\n\t\t\t<\/dt><\/dl><br style=\"clear: both\" \/><dl class='gallery-item'>\n\t\t\t<dt class='gallery-icon portrait'>\n\t\t\t\t<img loading=\"lazy\" decoding=\"async\" width=\"150\" height=\"200\" src=\"https:\/\/scera.lu\/wp-content\/uploads\/Cactus4.jpg\" class=\"attachment-full size-full\" alt=\"\" srcset=\"https:\/\/scera.lu\/wp-content\/uploads\/Cactus4.jpg 150w, https:\/\/scera.lu\/wp-content\/uploads\/Cactus4-768x1025.jpg 768w, https:\/\/scera.lu\/wp-content\/uploads\/Cactus4-1x1.jpg 1w\" sizes=\"auto, (max-width: 150px) 100vw, 150px\" \/>\n\t\t\t<\/dt><\/dl><dl class='gallery-item'>\n\t\t\t<dt class='gallery-icon portrait'>\n\t\t\t\t<img loading=\"lazy\" decoding=\"async\" width=\"150\" height=\"200\" src=\"https:\/\/scera.lu\/wp-content\/uploads\/Cactus5.jpg\" class=\"attachment-full size-full\" alt=\"\" srcset=\"https:\/\/scera.lu\/wp-content\/uploads\/Cactus5.jpg 150w, https:\/\/scera.lu\/wp-content\/uploads\/Cactus5-768x1024.jpg 768w, https:\/\/scera.lu\/wp-content\/uploads\/Cactus5-1x1.jpg 1w\" sizes=\"auto, (max-width: 150px) 100vw, 150px\" \/>\n\t\t\t<\/dt><\/dl><dl class='gallery-item'>\n\t\t\t<dt class='gallery-icon portrait'>\n\t\t\t\t<img loading=\"lazy\" decoding=\"async\" width=\"150\" height=\"200\" src=\"https:\/\/scera.lu\/wp-content\/uploads\/Cactus6.jpg\" class=\"attachment-full size-full\" alt=\"\" srcset=\"https:\/\/scera.lu\/wp-content\/uploads\/Cactus6.jpg 150w, https:\/\/scera.lu\/wp-content\/uploads\/Cactus6-768x1024.jpg 768w, https:\/\/scera.lu\/wp-content\/uploads\/Cactus6-1x1.jpg 1w\" sizes=\"auto, (max-width: 150px) 100vw, 150px\" \/>\n\t\t\t<\/dt><\/dl><br style=\"clear: both\" \/>\n\t\t<\/div>\n\n<h3><\/h3>\n<h4><span style=\"color: #0000ff;\"><strong><span style=\"text-decoration: underline;\">Coupe du Syndicat \u00e0 Esch\/Alzette (05.03.2017)<\/span><\/strong><\/span><\/h4>\n<h4><strong><span style=\"color: #000000;\">Avec un bilan de 39 m\u00e9dailles lors de 12 \u00e9preuves\u00a0et 592 points les nageurs du SC ERA ont remport\u00e9 la victoire!<\/span><\/strong><\/h4>\n<p><img loading=\"lazy\" decoding=\"async\" class=\"wp-image-3115 alignleft\" src=\"https:\/\/scera.lu\/wp-content\/uploads\/Artikel-Tageblatt.jpg\" alt=\"\" width=\"400\" height=\"399\" srcset=\"https:\/\/scera.lu\/wp-content\/uploads\/Artikel-Tageblatt.jpg 200w, https:\/\/scera.lu\/wp-content\/uploads\/Artikel-Tageblatt-150x150.jpg 150w, https:\/\/scera.lu\/wp-content\/uploads\/Artikel-Tageblatt-768x767.jpg 768w, https:\/\/scera.lu\/wp-content\/uploads\/Artikel-Tageblatt-1x1.jpg 1w\" sizes=\"auto, (max-width: 400px) 100vw, 400px\" \/><\/p>\n<p><img loading=\"lazy\" decoding=\"async\" class=\"wp-image-3113 alignleft\" src=\"https:\/\/scera.lu\/wp-content\/uploads\/FullSizeRender-2-e1523556889376.jpg\" alt=\"\" width=\"184\" height=\"299\" srcset=\"https:\/\/scera.lu\/wp-content\/uploads\/FullSizeRender-2-e1523556889376.jpg 123w, https:\/\/scera.lu\/wp-content\/uploads\/FullSizeRender-2-e1523556889376-1x1.jpg 1w\" sizes=\"auto, (max-width: 184px) 100vw, 184px\" \/><\/p>\n<h3><span style=\"color: #ff0000;\">##########################################<\/span><\/h3>\n<h4 title=\"Page 1\"><strong><span style=\"color: #000000;\">Lors de l&#8216; assembl\u00e9e g\u00e9n\u00e9rale ordinaire du SC ERA le 07 octobre 2016, les nageurs suivants ont \u00e9t\u00e9\u00a0r\u00e9compenser\u00a0pour leurs performances pendant la saison 2015\/2016:<\/span><\/strong><\/h4>\n<h4><strong><span style=\"color: #000000;\">Anselm Ines,\u00a0Da Silva Paiva Ana, Da Silva Paiva Lara,\u00a0Deboulet Antonin,\u00a0Defrang Chris, Gameiro Dias Dylan, Hansen Cindy\u00a0, Michel Claire,\u00a0Muller Cathy, Pereira Dylan,\u00a0Pott No\u00e9mie,\u00a0Rege Shaunak, Seidenthal Tom<\/span><\/strong><\/h4>\n<h4><span style=\"color: #000000;\"><strong>Pour acc\u00e9der \u00e0 l&#8217;article de l&#8217;assembl\u00e9e cliquez sur le lien suivant<\/strong>:<\/span>\u00a0<strong><a href=\"http:\/\/www.mywort.lu\/esch-sur-alzette\/sports\/51986050.html?referrer=ic_section_sports\">Swimming Club ERA\u00a0<\/a><\/strong><\/h4>\n<h3><span style=\"color: #ff0000;\">##########################################<\/span><\/h3>\n<h3 style=\"font-family: 'Open Sans', sans-serif; font-style: normal;\"><span style=\"font-size: 2.2rem;\"><img loading=\"lazy\" decoding=\"async\" class=\"size-thumbnail wp-image-3088 alignleft\" src=\"https:\/\/scera.lu\/wp-content\/uploads\/Sudstroum-Logo-150x150.jpg\" alt=\"\" width=\"150\" height=\"150\" srcset=\"https:\/\/scera.lu\/wp-content\/uploads\/Sudstroum-Logo-150x150.jpg 150w, https:\/\/scera.lu\/wp-content\/uploads\/Sudstroum-Logo-1x1.jpg 1w\" sizes=\"auto, (max-width: 150px) 100vw, 150px\" \/><\/span><\/h3>\n<h3><\/h3>\n<h4><\/h4>\n<h4><span style=\"color: #000000;\"><strong>Le SC ERA remercie toute l&#8217;\u00e9quipe de Sudstroum pour le sponsoring des nouveaux T-Shirts!<\/strong><\/span><\/h4>\n<h3><span style=\"color: #ff0000;\">##########################################<\/span><\/h3>\n<h4><span style=\"color: #000000;\"><strong>Am cader vum T\u00e9l\u00e9vie 2015 sin\u00a0eis Schwemmer w\u00e4hrend dem Training fir den gudden Zweck geschwomm.<\/strong><\/span><\/h4>\n<h4><strong><span style=\"color: #993300;\">Am ganzen sin 2500Euro vum SC ERA fir den T\u00e9l\u00e9vie zesummen komm!<\/span><\/strong><\/h4>\n<h3><span style=\"color: #ff0000;\">##########################################<\/span><\/h3>\n<h4><strong><span style=\"color: #000000;\">Merci un Sponsoren an un d&#8217;Escher Jugendhaus fir hier Ennerstetzung<\/span><\/strong><\/h4>\n<p><img loading=\"lazy\" decoding=\"async\" class=\"size-full wp-image-3081 alignleft\" src=\"https:\/\/scera.lu\/wp-content\/uploads\/FOTOS-15.jpg\" alt=\"\" width=\"300\" height=\"200\" srcset=\"https:\/\/scera.lu\/wp-content\/uploads\/FOTOS-15.jpg 300w, https:\/\/scera.lu\/wp-content\/uploads\/FOTOS-15-768x512.jpg 768w, https:\/\/scera.lu\/wp-content\/uploads\/FOTOS-15-1x1.jpg 1w\" sizes=\"auto, (max-width: 300px) 100vw, 300px\" \/><\/p>\n","protected":false},"excerpt":{"rendered":"<p>Assembl\u00e9e g\u00e9n\u00e9rale:\u00a0Bericht GV 2017 Nageurs r\u00e9compens\u00e9s lors de l&#8217;assembl\u00e9e g\u00e9n\u00e9rale: Anselm Ines, Anselm Matisse, Celebic Haris, Da Silva Paiva Ana, Deboulet Antonin, Defrang Chris, Foetz Valerie,\u00a0Gameiro Dias Dylan, Goncalves Patrick,\u00a0Hansen Cindy, Krier Dylan,\u00a0Martins Sousa Pedro,\u00a0Michel Claire,\u00a0Monteiro D. Rihanna,\u00a0Pereira Dylan, Pott Noemie, Rege Shaunak, Rege Shiven,\u00a0Seidenthal Tom, Shehu Alishia, Walak Olivier Nuit du Sport-Edition 2017 Comme [&hellip;]<\/p>\n","protected":false},"author":2,"featured_media":0,"parent":985,"menu_order":0,"comment_status":"closed","ping_status":"closed","template":"","meta":{"footnotes":""},"class_list":["post-3075","page","type-page","status-publish","hentry"],"_links":{"self":[{"href":"https:\/\/scera.lu\/index.php?rest_route=\/wp\/v2\/pages\/3075","targetHints":{"allow":["GET"]}}],"collection":[{"href":"https:\/\/scera.lu\/index.php?rest_route=\/wp\/v2\/pages"}],"about":[{"href":"https:\/\/scera.lu\/index.php?rest_route=\/wp\/v2\/types\/page"}],"author":[{"embeddable":true,"href":"https:\/\/scera.lu\/index.php?rest_route=\/wp\/v2\/users\/2"}],"replies":[{"embeddable":true,"href":"https:\/\/scera.lu\/index.php?rest_route=%2Fwp%2Fv2%2Fcomments&post=3075"}],"version-history":[{"count":31,"href":"https:\/\/scera.lu\/index.php?rest_route=\/wp\/v2\/pages\/3075\/revisions"}],"predecessor-version":[{"id":6291,"href":"https:\/\/scera.lu\/index.php?rest_route=\/wp\/v2\/pages\/3075\/revisions\/6291"}],"up":[{"embeddable":true,"href":"https:\/\/scera.lu\/index.php?rest_route=\/wp\/v2\/pages\/985"}],"wp:attachment":[{"href":"https:\/\/scera.lu\/index.php?rest_route=%2Fwp%2Fv2%2Fmedia&parent=3075"}],"curies":[{"name":"wp","href":"https:\/\/api.w.org\/{rel}","templated":true}]}}